{"nbFiches":1,"dataPrest":{"infoPrest":{"pave1":{"libelle":"Descriptif","contenu":"\u003Cp dir=\"ltr\" style=\"line-height:1.38;margin-top:0pt;margin-bottom:0pt;\"\u003E\u003Cspan id=\"docs-internal-guid-01ebff3b-7fff-77f7-d836-07be946964a2\"\u003E\u003Cspan style=\"font-size: 10pt; font-family: Arial, sans-serif; background-color: transparent; font-variant: normal; vertical-align: baseline; white-space: pre-wrap;\"\u003EFor any booking of this accommodation you benefit from:\u003C\/span\u003E\u003C\/span\u003E\u003C\/p\u003E\r\n\r\n\u003Cul style=\"margin-top:0;margin-bottom:0;padding-inline-start:48px;\"\u003E\r\n\t\u003Cli aria-level=\"1\" dir=\"ltr\" style=\"list-style-type: disc; font-size: 10pt; font-family: Arial, sans-serif; background-color: transparent; font-variant: normal; vertical-align: baseline; white-space: pre;\"\u003E\r\n\t\u003Cp dir=\"ltr\" role=\"presentation\" style=\"line-height:1.38;margin-top:10pt;margin-bottom:10pt;\"\u003E\u003Cspan id=\"docs-internal-guid-01ebff3b-7fff-77f7-d836-07be946964a2\"\u003E\u003Cspan style=\"font-size: 10pt; background-color: transparent; font-variant: normal; vertical-align: baseline; white-space: pre-wrap;\"\u003EA discovery ticket for 4 seasons sledge &quot;Luge D&eacute;vale&quot; (1 ticket per file)\u003C\/span\u003E\u003C\/span\u003E\u003C\/p\u003E\r\n\t\u003C\/li\u003E\r\n\u003C\/ul\u003E\r\n\r\n\u003Cp dir=\"ltr\" style=\"line-height:1.38;margin-top:0pt;margin-bottom:0pt;\"\u003E\u003Cspan id=\"docs-internal-guid-01ebff3b-7fff-77f7-d836-07be946964a2\"\u003E\u003Cspan style=\"font-size: 10pt; font-family: Arial, sans-serif; background-color: transparent; font-variant: normal; vertical-align: baseline; white-space: pre-wrap;\"\u003EIn winter you get a discount:\u003C\/span\u003E\u003C\/span\u003E\u003C\/p\u003E\r\n\r\n\u003Cul style=\"margin-top:0;margin-bottom:0;padding-inline-start:48px;\"\u003E\r\n\t\u003Cli aria-level=\"1\" dir=\"ltr\" style=\"list-style-type: disc; font-size: 10pt; font-family: Arial, sans-serif; background-color: transparent; font-variant: normal; vertical-align: baseline; white-space: pre;\"\u003E\r\n\t\u003Cp dir=\"ltr\" role=\"presentation\" style=\"line-height:1.38;margin-top:10pt;margin-bottom:0pt;\"\u003E\u003Cspan id=\"docs-internal-guid-01ebff3b-7fff-77f7-d836-07be946964a2\"\u003E\u003Cspan style=\"font-size: 10pt; background-color: transparent; font-variant: normal; vertical-align: baseline; white-space: pre-wrap;\"\u003EOn ski passes &quot;For&ecirc;t Blanche&quot;. Up to 30 % according to the periods (off French school holidays)\u003C\/span\u003E\u003C\/span\u003E\u003C\/p\u003E\r\n\t\u003C\/li\u003E\r\n\t\u003Cli aria-level=\"1\" dir=\"ltr\" style=\"list-style-type: disc; font-size: 10pt; font-family: Arial, sans-serif; background-color: transparent; font-variant: normal; vertical-align: baseline; white-space: pre;\"\u003E\r\n\t\u003Cp dir=\"ltr\" role=\"presentation\" style=\"line-height:1.38;margin-top:0pt;margin-bottom:0pt;\"\u003E\u003Cspan id=\"docs-internal-guid-01ebff3b-7fff-77f7-d836-07be946964a2\"\u003E\u003Cspan style=\"font-size: 10pt; background-color: transparent; font-variant: normal; vertical-align: baseline; white-space: pre-wrap;\"\u003EOn ski equipment rental\u003C\/span\u003E\u003C\/span\u003E\u003C\/p\u003E\r\n\t\u003C\/li\u003E\r\n\t\u003Cli aria-level=\"1\" dir=\"ltr\" style=\"list-style-type: disc; font-size: 10pt; font-family: Arial, sans-serif; background-color: transparent; font-variant: normal; vertical-align: baseline; white-space: pre;\"\u003E\r\n\t\u003Cp dir=\"ltr\" role=\"presentation\" style=\"line-height:1.38;margin-top:0pt;margin-bottom:10pt;\"\u003E\u003Cspan id=\"docs-internal-guid-01ebff3b-7fff-77f7-d836-07be946964a2\"\u003E\u003Cspan style=\"font-size: 10pt; background-color: transparent; font-variant: normal; vertical-align: baseline; white-space: pre-wrap;\"\u003EOn the covered parking (weekly subscription)\u003C\/span\u003E\u003C\/span\u003E\u003C\/p\u003E\r\n\t\u003C\/li\u003E\r\n\u003C\/ul\u003E\r\n\r\n\u003Cp dir=\"ltr\" style=\"line-height:1.38;margin-top:0pt;margin-bottom:0pt;\"\u003E\u003Cspan id=\"docs-internal-guid-01ebff3b-7fff-77f7-d836-07be946964a2\"\u003E\u003Cspan style=\"font-size: 10pt; font-family: Arial, sans-serif; background-color: transparent; font-variant: normal; vertical-align: baseline; white-space: pre-wrap;\"\u003ESave time on your arrival by booking your ski lessons now (only outside French school holidays)\u003C\/span\u003E\u003C\/span\u003E\u003C\/p\u003E\r\n&nbsp;\r\n\r\n\u003Cp dir=\"ltr\" style=\"line-height:1.38;margin-top:0pt;margin-bottom:0pt;\"\u003E\u003Cspan id=\"docs-internal-guid-01ebff3b-7fff-77f7-d836-07be946964a2\"\u003E\u003Cspan style=\"font-size: 10pt; font-family: Arial, sans-serif; background-color: transparent; font-weight: 700; font-variant: normal; vertical-align: baseline; white-space: pre-wrap;\"\u003EThese discounts are only valid through Risoul R&eacute;sa and must be booked prior to your arrival.\u003C\/span\u003E\u003C\/span\u003E\u003C\/p\u003E\r\n&nbsp;\r\n\r\n\u003Cp dir=\"ltr\" style=\"line-height:1.38;margin-top:0pt;margin-bottom:0pt;\"\u003E\u003Cspan id=\"docs-internal-guid-01ebff3b-7fff-77f7-d836-07be946964a2\"\u003E\u003Cspan style=\"font-size: 10pt; font-family: Arial, sans-serif; color: rgb(255, 0, 0); background-color: transparent; font-weight: 700; font-variant: normal; vertical-align: baseline; white-space: pre-wrap;\"\u003EBe careful!\u003C\/span\u003E\u003C\/span\u003E\u003C\/p\u003E\r\n\r\n\u003Cp dir=\"ltr\" style=\"line-height:1.38;margin-top:0pt;margin-bottom:0pt;\"\u003E\u003Cspan id=\"docs-internal-guid-01ebff3b-7fff-77f7-d836-07be946964a2\"\u003E\u003Cspan style=\"font-size: 10pt; font-family: Arial, sans-serif; color: rgb(255, 0, 0); background-color: transparent; font-weight: 700; font-variant: normal; vertical-align: baseline; white-space: pre-wrap;\"\u003ESki passes orders are sent in advance, we do not take reservations from the Wednesday before arrival.\u003C\/span\u003E\u003C\/span\u003E\u003C\/p\u003E\r\n","fichiers":[]},"pave2":{"libelle":"Descriptif (site web)","contenu":"","fichiers":[]},"pave3":{"libelle":"","contenu":""},"pave4":{"libelle":"","contenu":""},"pave5":{"libelle":"","contenu":""},"pave6":{"libelle":"","contenu":""},"pave7":{"libelle":"","contenu":""},"pave8":{"libelle":"","contenu":""},"pave9":{"libelle":"","contenu":""},"pave10":{"libelle":"","contenu":""},"pave11":{"libelle":"","contenu":""},"pave12":{"libelle":"","contenu":""},"pave13":{"libelle":"","contenu":""},"pave14":{"libelle":"","contenu":""},"pave15":{"libelle":"","contenu":""},"pave16":{"libelle":"","contenu":""},"pave17":{"libelle":"","contenu":""},"pave18":{"libelle":"","contenu":""},"pave19":{"libelle":"","contenu":""},"pave20":{"libelle":"","contenu":""},"pave21":{"libelle":"","contenu":""},"pave22":{"libelle":"","contenu":""},"pave23":{"libelle":"","contenu":""},"pave24":{"libelle":"","contenu":""},"pave25":{"libelle":"","contenu":""},"Libelle":"5 persons apartment Ald\u00e9baran 208","Reference":"","Reftar":"","Type":"PRESTATION","TypePrestataire":"G","ContexteStat":"PRESTATION-G-CLEREL-ALDE208","DateModificationIso":"2026-04-29T11:44:00+02:00","Adresse":{"LigneAdresse1":"B\u00e2timent  Ald\u00e9baran","LigneAdresse2":"995 route de Ch\u00e9rine","LigneAdresse3":"Pelinche","CodePostal":"05600","Ville":"RISOUL","Cedex":"","Etat":"","Pays":"FRA"},"Id":"g-clerel-alde208","Code":"G|CLEREL|ALDE208","Cle":"G|CLEREL|ALDE208","Url":"5-persons-apartment-aldebaran-208-risoul-reservation.html","Localisation":{"GoogleMap":{"Latitude":"44.62168","Longitude":"6.63029"}},"ZoneGeo":"","Criteres":{"GRESA[GRESAW":"","RESAWEB[OUI":"","RESAWEB[OUIMANUEL":"","GTYPRE[GAPPTR":"","GTYPAP[G2PIEC":"","ENREGISTRMENT[NUMERENREGISTREMENT":"05119 000 366 HS","GSUPER[GSUPTO":"26","GRESID[ALDEBARAN":"","ETAGE[2ETAGE":"","GASCEN[GASCEN":"","GBALCO[GBALCO":"","GEXPOS[GEST":"","ZONEGEO[FRPAHARISTATT":"","GDISCE[SKIPIE":"","GDISCE[DISTCENTRESTATION":"350","GDISCE[GESF":"150","GDISCE[GSHOP":"10","GDISCE[CRECHEDISTANCE":"350","GDISCE[PROGAR":"200","GDISCE[G4ISAH":"400","GCUISI[GCOINC":"","GEQUCU[GQRIGA":"","GEQUCU[PLAQINDUC":"4","GEQUCU[GEQCOM":"","GEQUCU[GQAVEV":"","GEQUCU[GRILLEPAIN":"","GEQUCU[CAFECAPSULES":"Nespresso ","GEQUCU[FREEZER":"","GEQUCU[MIXEURBLENDER":"","GEQUCU[HOTTE":"","GSEJOU[VOULETELEC":"","GSEJOU[CLICCLAC1P":"120 x 180","COINMF[X2LITS":"80x200","GCHAM1[GC1122":"140x190","GSDB1[G1BWCI":"1","GWC[GWCIND":"1","GEQSAN[LAVELINGESECHANT":"","GEQSAN[SECHECHEVEUX":"","GEQLOI[TVPLAT":"","GEQLOI[DVDUSB":"","GEQLOI[DVD":"","GEQLOI[ASPIRATEUR":"","GEQLOI[G2QLCS":"","GNOTE1[DRAPNF":"","GNOTE1[PRODEN":"","GNOTE1[RACLETTE":"","GNOTE1[APPREILA":"croque monsieur \/ gaufre","GNOTE1[JEUX":"","GNOTE1[NOFUMEUR":"","GANIMA[GANIMR":"","GMENA[GMENEF":"","GMENA[GMENSU":"","GCAUT[GCAUT":"600\u20ac","GCAUT[CAUTIM":"60\u20ac","PRIXTC[FEVENFANT":"","VAC[WVAC":"","VAC[WLOCVAC":"","RESERVATION[TICKETLIGE":"","RESERVATION[GOODIES":"","RESERVATION[REMISERM":"","RESERVATION[PARKING":"","GPIECES[2PIECES":"","EQUIPEMENTS[LAVEVAISSELLE":"","RESADISPO[RESERVATION":"","DISTANCEPISTES[SKIAUXPIEDS":"","DISTANCEPISTES[MOINSDE100":"","EQUIEMENTSPLUS[RADIATIEURS":"de 2016","EQUIEMENTSPLUS[VERRESVIN":"","EQUIEMENTSPLUS[FLUTES":"","LITERIE[COUETTE":"","LITERIE[COUVERTURES":"","LITERIE[MATELAS":"Moins de 5 ans","GORDRE[4POS":""},"Prestataire":{"pave1":{"libelle":"Descriptif","contenu":""},"pave2":{"libelle":"Notes Internes","contenu":""},"pave3":{"libelle":"Remise des cl\u00e9s","contenu":"\u003Cp data-end=\"158\" data-start=\"33\"\u003E\u003Cstrong data-end=\"52\" data-start=\"33\"\u003EKey collection:\u003C\/strong\u003E CONSTEL IMMO Agency.\u003Cbr data-end=\"76\" data-start=\"73\" \/\u003E\r\nBETELGEUSE Building.\u003Cbr data-end=\"99\" data-start=\"96\" \/\u003E\r\n05600 RISOUL\u003Cbr data-end=\"114\" data-start=\"111\" \/\u003E\r\nTel: +33 4 92 48 57 55 \/ +33 6 32 24 81 55\u003C\/p\u003E\r\n\r\n\u003Cp data-end=\"305\" data-start=\"160\"\u003EThe apartment rental is granted for a stay beginning on the first day (Saturday) at 4:00 p.m. and ending on the last day (Saturday) at 10:00 a.m.\u003C\/p\u003E\r\n\r\n\u003Cp data-end=\"479\" data-start=\"307\"\u003EUpon arrival, key collection takes place:\u003Cbr data-end=\"351\" data-start=\"348\" \/\u003E\r\nfrom 4:00 p.m. to 8:00 p.m. on Saturday.\u003Cbr data-end=\"394\" data-start=\"391\" \/\u003E\r\nFor arrivals on days other than Saturday, please contact the owner and\/or the agency.\u003C\/p\u003E\r\n\r\n\u003Cp data-end=\"639\" data-start=\"481\"\u003EPlease note that an apartment security deposit and a cleaning deposit will be required upon arrival. The deposits must be paid by check, cash, or credit card.\u003C\/p\u003E\r\n\u003Cspan background-color:=\"\" font-size:=\"\" style=\"color: rgb(51, 51, 51); font-family: sans-serif, Arial, Verdana, \" trebuchet=\"\"\u003E.\u003C\/span\u003E"},"pave4":{"libelle":"Lien photo","contenu":""},"pave5":{"libelle":"Descriptif d\u00e9taill\u00e9","contenu":""},"pave6":{"libelle":"Bons plans","contenu":""},"pave7":{"libelle":"Compl\u00e9ment localisation","contenu":""},"pave8":{"libelle":"Compl\u00e9ment accueil","contenu":""},"pave9":{"libelle":"P\u00e9riode(s) d'ouverture","contenu":""},"pave10":{"libelle":"Tarifs en clair","contenu":""},"pave11":{"libelle":"Compl\u00e9ment Tarifs","contenu":""},"pave12":{"libelle":"Compl\u00e9ment R\u00e9servation","contenu":""},"pave13":{"libelle":"Descriptif court","contenu":""},"pave14":{"libelle":"Descriptif court","contenu":""},"pave15":{"libelle":"Descriptif d\u00e9taill\u00e9","contenu":""},"pave16":{"libelle":"Descriptif d\u00e9taill\u00e9","contenu":""},"pave17":{"libelle":"Compl\u00e9ment localisation","contenu":""},"pave18":{"libelle":"Compl\u00e9ment localisation","contenu":""},"pave19":{"libelle":"P\u00e9riode(s) d'ouverture","contenu":""},"pave20":{"libelle":"P\u00e9riode(s) d'ouverture","contenu":""},"pave21":{"libelle":"Tarifs en clair","contenu":""},"pave22":{"libelle":"Tarifs en clair","contenu":""},"pave23":{"libelle":"Compl\u00e9ment Tarifs","contenu":""},"pave24":{"libelle":"Compl\u00e9ment Tarifs","contenu":""},"pave25":{"libelle":"","contenu":""},"Libelle":"M CLEREL Jean Michel","Nom":"CLEREL","Prenom":"Jean Michel","NomPrenom":"CLEREL Jean Michel ","CiviliteNomPrenom":"M CLEREL Jean Michel ","Cle":"G|CLEREL","PrestataireParent":"","ContexteStat":"PRESTATAIRE-G-CLEREL","DateModificationIso":"2026-04-29T11:57:00+02:00","CiviliteLibelleNomPrenom":"Monsieur CLEREL Jean Michel ","Type":"PRESTATAIRE","TypePrestataire":"G","Adresse":{"LigneAdresse1":"253, Chemin Franca","LigneAdresse2":"","LigneAdresse3":"","CodePostal":"83190","Ville":"OLLIOULES","Cedex":"","Etat":"","Pays":"FRA"},"Email":"lorelei.danzelle@gmail.com","Telephone":"04 94  31 33 34","TelephoneBureau":"06 07 44 01 32 (mr clerel)","Portable":"06 11 55 54 55","SiteWeb":"http:\/\/lai.marie-france@orange.fr","Fax":"","Id":"g-clerel","Code":"G|CLEREL","Fichier":[],"Url":"private-owners-clerel-jean-michel.html","Localisation":{"GoogleMap":{"Latitude":"","Longitude":""},"PlanStation":{"idPlan":"2","nomPlan":"Plan Station 2015","carte":"\/plan\/plan_station_2015.jpg","PositionAbs":"697","PositionOrd":"211"}},"ZoneGeo":"","Criteres":{"ITYPE[IPARTI":"","ADHERENT[OUI":"","GRESAAGENCE[RISOULRESA":"","GRESAAGENCE[GOUI":"","ORDRE[1POS":""},"DateFinPublication":""},"Fichier":{"Image":[{"url":"https:\/\/www.risoul.com\/medias\/images\/prestations\/risoul-hebergement-clerel-sejour-15374.jpg","chemin":"..\/medias\/images\/prestations\/risoul-hebergement-clerel-sejour-15374.jpg","libelle":"risoul-hebergement-clerel-sejour-15374","extension":"jpg","categorie":"","largeur":800,"theme":"","hauteur":600,"type":"Image","origine":"","liaisonPave":"","langue":"","id":"15374","urlVignette":"https:\/\/www.risoul.com\/medias\/images\/prestations\/v-risoul-hebergement-clerel-sejour-15374.jpg","alt":"risoul-hebergement-clerel-sejour-15374","title":"risoul-hebergement-clerel-sejour-15374","MultiTaille":{"1920x1440":{"url":"https:\/\/www.risoul.com\/medias\/images\/prestations\/multitailles\/1920x1440_risoul-hebergement-clerel-sejour-15374.jpg"},"1200x900":{"url":"https:\/\/www.risoul.com\/medias\/images\/prestations\/multitailles\/1200x900_risoul-hebergement-clerel-sejour-15374.jpg"},"800x600":{"url":"https:\/\/www.risoul.com\/medias\/images\/prestations\/multitailles\/800x600_risoul-hebergement-clerel-sejour-15374.jpg"},"640x480":{"url":"https:\/\/www.risoul.com\/medias\/images\/prestations\/multitailles\/640x480_risoul-hebergement-clerel-sejour-15374.jpg"},"320x240":{"url":"https:\/\/www.risoul.com\/medias\/images\/prestations\/multitailles\/320x240_risoul-hebergement-clerel-sejour-15374.jpg"},"160x120":{"url":"https:\/\/www.risoul.com\/medias\/images\/prestations\/multitailles\/160x120_risoul-hebergement-clerel-sejour-15374.jpg"},"origine":{"url":"https:\/\/www.risoul.com\/medias\/images\/prestations\/risoul-hebergement-clerel-sejour-15374.jpg"}},"urlLien":"","typeLien":"","nofollow":"N","copyright":""},{"url":"https:\/\/www.risoul.com\/medias\/images\/prestations\/risoul-hebergement-clerel-sejour2-11445.jpg","chemin":"..\/medias\/images\/prestations\/risoul-hebergement-clerel-sejour2-11445.jpg","libelle":"risoul-hebergement-clerel-sejour2-11445","extension":"jpg","categorie":"","largeur":500,"theme":"","hauteur":375,"type":"Image","origine":"","liaisonPave":"","langue":"","id":"11445","urlVignette":"https:\/\/www.risoul.com\/medias\/images\/prestations\/v-risoul-hebergement-clerel-sejour2-11445.jpg","alt":"risoul-hebergement-clerel-sejour2-11445","title":"risoul-hebergement-clerel-sejour2-11445","MultiTaille":{"1920x1440":{"url":"https:\/\/www.risoul.com\/medias\/images\/prestations\/multitailles\/1920x1440_risoul-hebergement-clerel-sejour2-11445.jpg"},"1200x900":{"url":"https:\/\/www.risoul.com\/medias\/images\/prestations\/multitailles\/1200x900_risoul-hebergement-clerel-sejour2-11445.jpg"},"800x600":{"url":"https:\/\/www.risoul.com\/medias\/images\/prestations\/multitailles\/800x600_risoul-hebergement-clerel-sejour2-11445.jpg"},"640x480":{"url":"https:\/\/www.risoul.com\/medias\/images\/prestations\/multitailles\/640x480_risoul-hebergement-clerel-sejour2-11445.jpg"},"320x240":{"url":"https:\/\/www.risoul.com\/medias\/images\/prestations\/multitailles\/320x240_risoul-hebergement-clerel-sejour2-11445.jpg"},"160x120":{"url":"https:\/\/www.risoul.com\/medias\/images\/prestations\/multitailles\/160x120_risoul-hebergement-clerel-sejour2-11445.jpg"},"origine":{"url":"https:\/\/www.risoul.com\/medias\/images\/prestations\/risoul-hebergement-clerel-sejour2-11445.jpg"}},"urlLien":"","typeLien":"","nofollow":"N","copyright":""},{"url":"https:\/\/www.risoul.com\/medias\/images\/prestations\/risoul-hebergement-clerel-sejour-canape-deplie-15375.jpg","chemin":"..\/medias\/images\/prestations\/risoul-hebergement-clerel-sejour-canape-deplie-15375.jpg","libelle":"risoul-hebergement-clerel-sejour-canape-deplie-15375","extension":"jpg","categorie":"","largeur":800,"theme":"","hauteur":600,"type":"Image","origine":"","liaisonPave":"","langue":"","id":"15375","urlVignette":"https:\/\/www.risoul.com\/medias\/images\/prestations\/v-risoul-hebergement-clerel-sejour-canape-deplie-15375.jpg","alt":"risoul-hebergement-clerel-sejour-canape-deplie-15375","title":"risoul-hebergement-clerel-sejour-canape-deplie-15375","MultiTaille":{"1920x1440":{"url":"https:\/\/www.risoul.com\/medias\/images\/prestations\/multitailles\/1920x1440_risoul-hebergement-clerel-sejour-canape-deplie-15375.jpg"},"1200x900":{"url":"https:\/\/www.risoul.com\/medias\/images\/prestations\/multitailles\/1200x900_risoul-hebergement-clerel-sejour-canape-deplie-15375.jpg"},"800x600":{"url":"https:\/\/www.risoul.com\/medias\/images\/prestations\/multitailles\/800x600_risoul-hebergement-clerel-sejour-canape-deplie-15375.jpg"},"640x480":{"url":"https:\/\/www.risoul.com\/medias\/images\/prestations\/multitailles\/640x480_risoul-hebergement-clerel-sejour-canape-deplie-15375.jpg"},"320x240":{"url":"https:\/\/www.risoul.com\/medias\/images\/prestations\/multitailles\/320x240_risoul-hebergement-clerel-sejour-canape-deplie-15375.jpg"},"160x120":{"url":"https:\/\/www.risoul.com\/medias\/images\/prestations\/multitailles\/160x120_risoul-hebergement-clerel-sejour-canape-deplie-15375.jpg"},"origine":{"url":"https:\/\/www.risoul.com\/medias\/images\/prestations\/risoul-hebergement-clerel-sejour-canape-deplie-15375.jpg"}},"urlLien":"","typeLien":"","nofollow":"N","copyright":""},{"url":"https:\/\/www.risoul.com\/medias\/images\/prestations\/risoul-hebergement-clerel-chambre-11439.jpg","chemin":"..\/medias\/images\/prestations\/risoul-hebergement-clerel-chambre-11439.jpg","libelle":"risoul-hebergement-clerel-chambre-11439","extension":"jpg","categorie":"","largeur":500,"theme":"","hauteur":375,"type":"Image","origine":"","liaisonPave":"","langue":"","id":"11439","urlVignette":"https:\/\/www.risoul.com\/medias\/images\/prestations\/v-risoul-hebergement-clerel-chambre-11439.jpg","alt":"risoul-hebergement-clerel-chambre-11439","title":"risoul-hebergement-clerel-chambre-11439","MultiTaille":{"1920x1440":{"url":"https:\/\/www.risoul.com\/medias\/images\/prestations\/multitailles\/1920x1440_risoul-hebergement-clerel-chambre-11439.jpg"},"1200x900":{"url":"https:\/\/www.risoul.com\/medias\/images\/prestations\/multitailles\/1200x900_risoul-hebergement-clerel-chambre-11439.jpg"},"800x600":{"url":"https:\/\/www.risoul.com\/medias\/images\/prestations\/multitailles\/800x600_risoul-hebergement-clerel-chambre-11439.jpg"},"640x480":{"url":"https:\/\/www.risoul.com\/medias\/images\/prestations\/multitailles\/640x480_risoul-hebergement-clerel-chambre-11439.jpg"},"320x240":{"url":"https:\/\/www.risoul.com\/medias\/images\/prestations\/multitailles\/320x240_risoul-hebergement-clerel-chambre-11439.jpg"},"160x120":{"url":"https:\/\/www.risoul.com\/medias\/images\/prestations\/multitailles\/160x120_risoul-hebergement-clerel-chambre-11439.jpg"},"origine":{"url":"https:\/\/www.risoul.com\/medias\/images\/prestations\/risoul-hebergement-clerel-chambre-11439.jpg"}},"urlLien":"","typeLien":"","nofollow":"N","copyright":""},{"url":"https:\/\/www.risoul.com\/medias\/images\/prestations\/risoul-hebergement-clerel-lits-superposes-11441.jpg","chemin":"..\/medias\/images\/prestations\/risoul-hebergement-clerel-lits-superposes-11441.jpg","libelle":"risoul-hebergement-clerel-lits-superposes-11441","extension":"jpg","categorie":"","largeur":375,"theme":"","hauteur":500,"type":"Image","origine":"","liaisonPave":"","langue":"","id":"11441","urlVignette":"https:\/\/www.risoul.com\/medias\/images\/prestations\/v-risoul-hebergement-clerel-lits-superposes-11441.jpg","alt":"risoul-hebergement-clerel-lits-superposes-11441","title":"risoul-hebergement-clerel-lits-superposes-11441","MultiTaille":{"1920x1440":{"url":"https:\/\/www.risoul.com\/medias\/images\/prestations\/multitailles\/1920x1440_risoul-hebergement-clerel-lits-superposes-11441.jpg"},"1200x900":{"url":"https:\/\/www.risoul.com\/medias\/images\/prestations\/multitailles\/1200x900_risoul-hebergement-clerel-lits-superposes-11441.jpg"},"800x600":{"url":"https:\/\/www.risoul.com\/medias\/images\/prestations\/multitailles\/800x600_risoul-hebergement-clerel-lits-superposes-11441.jpg"},"640x480":{"url":"https:\/\/www.risoul.com\/medias\/images\/prestations\/multitailles\/640x480_risoul-hebergement-clerel-lits-superposes-11441.jpg"},"320x240":{"url":"https:\/\/www.risoul.com\/medias\/images\/prestations\/multitailles\/320x240_risoul-hebergement-clerel-lits-superposes-11441.jpg"},"160x120":{"url":"https:\/\/www.risoul.com\/medias\/images\/prestations\/multitailles\/160x120_risoul-hebergement-clerel-lits-superposes-11441.jpg"},"origine":{"url":"https:\/\/www.risoul.com\/medias\/images\/prestations\/risoul-hebergement-clerel-lits-superposes-11441.jpg"}},"urlLien":"","typeLien":"","nofollow":"N","copyright":""},{"url":"https:\/\/www.risoul.com\/medias\/images\/prestations\/risoul-hebergement-clerel-coin-cuisine-15373.jpg","chemin":"..\/medias\/images\/prestations\/risoul-hebergement-clerel-coin-cuisine-15373.jpg","libelle":"risoul-hebergement-clerel-coin-cuisine-15373","extension":"jpg","categorie":"","largeur":600,"theme":"","hauteur":800,"type":"Image","origine":"","liaisonPave":"","langue":"","id":"15373","urlVignette":"https:\/\/www.risoul.com\/medias\/images\/prestations\/v-risoul-hebergement-clerel-coin-cuisine-15373.jpg","alt":"risoul-hebergement-clerel-coin-cuisine-15373","title":"risoul-hebergement-clerel-coin-cuisine-15373","MultiTaille":{"1920x1440":{"url":"https:\/\/www.risoul.com\/medias\/images\/prestations\/multitailles\/1920x1440_risoul-hebergement-clerel-coin-cuisine-15373.jpg"},"1200x900":{"url":"https:\/\/www.risoul.com\/medias\/images\/prestations\/multitailles\/1200x900_risoul-hebergement-clerel-coin-cuisine-15373.jpg"},"800x600":{"url":"https:\/\/www.risoul.com\/medias\/images\/prestations\/multitailles\/800x600_risoul-hebergement-clerel-coin-cuisine-15373.jpg"},"640x480":{"url":"https:\/\/www.risoul.com\/medias\/images\/prestations\/multitailles\/640x480_risoul-hebergement-clerel-coin-cuisine-15373.jpg"},"320x240":{"url":"https:\/\/www.risoul.com\/medias\/images\/prestations\/multitailles\/320x240_risoul-hebergement-clerel-coin-cuisine-15373.jpg"},"160x120":{"url":"https:\/\/www.risoul.com\/medias\/images\/prestations\/multitailles\/160x120_risoul-hebergement-clerel-coin-cuisine-15373.jpg"},"origine":{"url":"https:\/\/www.risoul.com\/medias\/images\/prestations\/risoul-hebergement-clerel-coin-cuisine-15373.jpg"}},"urlLien":"","typeLien":"","nofollow":"N","copyright":""},{"url":"https:\/\/www.risoul.com\/medias\/images\/prestations\/risoul-hebergement-clerel-salle-de-bains-11443.jpg","chemin":"..\/medias\/images\/prestations\/risoul-hebergement-clerel-salle-de-bains-11443.jpg","libelle":"risoul-hebergement-clerel-salle-de-bains-11443","extension":"jpg","categorie":"","largeur":375,"theme":"","hauteur":500,"type":"Image","origine":"","liaisonPave":"","langue":"","id":"11443","urlVignette":"https:\/\/www.risoul.com\/medias\/images\/prestations\/v-risoul-hebergement-clerel-salle-de-bains-11443.jpg","alt":"risoul-hebergement-clerel-salle-de-bains-11443","title":"risoul-hebergement-clerel-salle-de-bains-11443","MultiTaille":{"1920x1440":{"url":"https:\/\/www.risoul.com\/medias\/images\/prestations\/multitailles\/1920x1440_risoul-hebergement-clerel-salle-de-bains-11443.jpg"},"1200x900":{"url":"https:\/\/www.risoul.com\/medias\/images\/prestations\/multitailles\/1200x900_risoul-hebergement-clerel-salle-de-bains-11443.jpg"},"800x600":{"url":"https:\/\/www.risoul.com\/medias\/images\/prestations\/multitailles\/800x600_risoul-hebergement-clerel-salle-de-bains-11443.jpg"},"640x480":{"url":"https:\/\/www.risoul.com\/medias\/images\/prestations\/multitailles\/640x480_risoul-hebergement-clerel-salle-de-bains-11443.jpg"},"320x240":{"url":"https:\/\/www.risoul.com\/medias\/images\/prestations\/multitailles\/320x240_risoul-hebergement-clerel-salle-de-bains-11443.jpg"},"160x120":{"url":"https:\/\/www.risoul.com\/medias\/images\/prestations\/multitailles\/160x120_risoul-hebergement-clerel-salle-de-bains-11443.jpg"},"origine":{"url":"https:\/\/www.risoul.com\/medias\/images\/prestations\/risoul-hebergement-clerel-salle-de-bains-11443.jpg"}},"urlLien":"","typeLien":"","nofollow":"N","copyright":""},{"url":"https:\/\/www.risoul.com\/medias\/images\/prestations\/risoul-hebergement-clerel-wc-11446.jpg","chemin":"..\/medias\/images\/prestations\/risoul-hebergement-clerel-wc-11446.jpg","libelle":"risoul-hebergement-clerel-wc-11446","extension":"jpg","categorie":"","largeur":375,"theme":"","hauteur":500,"type":"Image","origine":"","liaisonPave":"","langue":"","id":"11446","urlVignette":"https:\/\/www.risoul.com\/medias\/images\/prestations\/v-risoul-hebergement-clerel-wc-11446.jpg","alt":"risoul-hebergement-clerel-wc-11446","title":"risoul-hebergement-clerel-wc-11446","MultiTaille":{"1920x1440":{"url":"https:\/\/www.risoul.com\/medias\/images\/prestations\/multitailles\/1920x1440_risoul-hebergement-clerel-wc-11446.jpg"},"1200x900":{"url":"https:\/\/www.risoul.com\/medias\/images\/prestations\/multitailles\/1200x900_risoul-hebergement-clerel-wc-11446.jpg"},"800x600":{"url":"https:\/\/www.risoul.com\/medias\/images\/prestations\/multitailles\/800x600_risoul-hebergement-clerel-wc-11446.jpg"},"640x480":{"url":"https:\/\/www.risoul.com\/medias\/images\/prestations\/multitailles\/640x480_risoul-hebergement-clerel-wc-11446.jpg"},"320x240":{"url":"https:\/\/www.risoul.com\/medias\/images\/prestations\/multitailles\/320x240_risoul-hebergement-clerel-wc-11446.jpg"},"160x120":{"url":"https:\/\/www.risoul.com\/medias\/images\/prestations\/multitailles\/160x120_risoul-hebergement-clerel-wc-11446.jpg"},"origine":{"url":"https:\/\/www.risoul.com\/medias\/images\/prestations\/risoul-hebergement-clerel-wc-11446.jpg"}},"urlLien":"","typeLien":"","nofollow":"N","copyright":""},{"url":"https:\/\/www.risoul.com\/medias\/images\/prestations\/risoul-hebergement-clerel-balcon-11472.jpg","chemin":"..\/medias\/images\/prestations\/risoul-hebergement-clerel-balcon-11472.jpg","libelle":"risoul-hebergement-clerel-balcon-11472","extension":"jpg","categorie":"","largeur":375,"theme":"","hauteur":500,"type":"Image","origine":"","liaisonPave":"","langue":"","id":"11472","urlVignette":"https:\/\/www.risoul.com\/medias\/images\/prestations\/v-risoul-hebergement-clerel-balcon-11472.jpg","alt":"risoul-hebergement-clerel-balcon-11472","title":"risoul-hebergement-clerel-balcon-11472","MultiTaille":{"1920x1440":{"url":"https:\/\/www.risoul.com\/medias\/images\/prestations\/multitailles\/1920x1440_risoul-hebergement-clerel-balcon-11472.jpg"},"1200x900":{"url":"https:\/\/www.risoul.com\/medias\/images\/prestations\/multitailles\/1200x900_risoul-hebergement-clerel-balcon-11472.jpg"},"800x600":{"url":"https:\/\/www.risoul.com\/medias\/images\/prestations\/multitailles\/800x600_risoul-hebergement-clerel-balcon-11472.jpg"},"640x480":{"url":"https:\/\/www.risoul.com\/medias\/images\/prestations\/multitailles\/640x480_risoul-hebergement-clerel-balcon-11472.jpg"},"320x240":{"url":"https:\/\/www.risoul.com\/medias\/images\/prestations\/multitailles\/320x240_risoul-hebergement-clerel-balcon-11472.jpg"},"160x120":{"url":"https:\/\/www.risoul.com\/medias\/images\/prestations\/multitailles\/160x120_risoul-hebergement-clerel-balcon-11472.jpg"},"origine":{"url":"https:\/\/www.risoul.com\/medias\/images\/prestations\/risoul-hebergement-clerel-balcon-11472.jpg"}},"urlLien":"","typeLien":"","nofollow":"N","copyright":""},{"url":"https:\/\/www.risoul.com\/medias\/images\/prestations\/risoul-hebergement-clerel-balcon-11440.jpg","chemin":"..\/medias\/images\/prestations\/risoul-hebergement-clerel-balcon-11440.jpg","libelle":"risoul-hebergement-clerel-balcon-11440","extension":"jpg","categorie":"","largeur":500,"theme":"","hauteur":375,"type":"Image","origine":"","liaisonPave":"","langue":"","id":"11440","urlVignette":"https:\/\/www.risoul.com\/medias\/images\/prestations\/v-risoul-hebergement-clerel-balcon-11440.jpg","alt":"risoul-hebergement-clerel-balcon-11440","title":"risoul-hebergement-clerel-balcon-11440","MultiTaille":{"1920x1440":{"url":"https:\/\/www.risoul.com\/medias\/images\/prestations\/multitailles\/1920x1440_risoul-hebergement-clerel-balcon-11440.jpg"},"1200x900":{"url":"https:\/\/www.risoul.com\/medias\/images\/prestations\/multitailles\/1200x900_risoul-hebergement-clerel-balcon-11440.jpg"},"800x600":{"url":"https:\/\/www.risoul.com\/medias\/images\/prestations\/multitailles\/800x600_risoul-hebergement-clerel-balcon-11440.jpg"},"640x480":{"url":"https:\/\/www.risoul.com\/medias\/images\/prestations\/multitailles\/640x480_risoul-hebergement-clerel-balcon-11440.jpg"},"320x240":{"url":"https:\/\/www.risoul.com\/medias\/images\/prestations\/multitailles\/320x240_risoul-hebergement-clerel-balcon-11440.jpg"},"160x120":{"url":"https:\/\/www.risoul.com\/medias\/images\/prestations\/multitailles\/160x120_risoul-hebergement-clerel-balcon-11440.jpg"},"origine":{"url":"https:\/\/www.risoul.com\/medias\/images\/prestations\/risoul-hebergement-clerel-balcon-11440.jpg"}},"urlLien":"","typeLien":"","nofollow":"N","copyright":""}],"ByCategorie":{"":[{"url":"https:\/\/www.risoul.com\/medias\/images\/prestations\/risoul-hebergement-clerel-sejour-15374.jpg","chemin":"..\/medias\/images\/prestations\/risoul-hebergement-clerel-sejour-15374.jpg","libelle":"risoul-hebergement-clerel-sejour-15374","extension":"jpg","categorie":"","largeur":800,"theme":"","hauteur":600,"type":"Image","origine":"","liaisonPave":"","langue":"","id":"15374","urlVignette":"https:\/\/www.risoul.com\/medias\/images\/prestations\/v-risoul-hebergement-clerel-sejour-15374.jpg","alt":"risoul-hebergement-clerel-sejour-15374","title":"risoul-hebergement-clerel-sejour-15374","MultiTaille":{"1920x1440":{"url":"https:\/\/www.risoul.com\/medias\/images\/prestations\/multitailles\/1920x1440_risoul-hebergement-clerel-sejour-15374.jpg"},"1200x900":{"url":"https:\/\/www.risoul.com\/medias\/images\/prestations\/multitailles\/1200x900_risoul-hebergement-clerel-sejour-15374.jpg"},"800x600":{"url":"https:\/\/www.risoul.com\/medias\/images\/prestations\/multitailles\/800x600_risoul-hebergement-clerel-sejour-15374.jpg"},"640x480":{"url":"https:\/\/www.risoul.com\/medias\/images\/prestations\/multitailles\/640x480_risoul-hebergement-clerel-sejour-15374.jpg"},"320x240":{"url":"https:\/\/www.risoul.com\/medias\/images\/prestations\/multitailles\/320x240_risoul-hebergement-clerel-sejour-15374.jpg"},"160x120":{"url":"https:\/\/www.risoul.com\/medias\/images\/prestations\/multitailles\/160x120_risoul-hebergement-clerel-sejour-15374.jpg"},"origine":{"url":"https:\/\/www.risoul.com\/medias\/images\/prestations\/risoul-hebergement-clerel-sejour-15374.jpg"}},"urlLien":"","typeLien":"","nofollow":"N","copyright":""},{"url":"https:\/\/www.risoul.com\/medias\/images\/prestations\/risoul-hebergement-clerel-sejour2-11445.jpg","chemin":"..\/medias\/images\/prestations\/risoul-hebergement-clerel-sejour2-11445.jpg","libelle":"risoul-hebergement-clerel-sejour2-11445","extension":"jpg","categorie":"","largeur":500,"theme":"","hauteur":375,"type":"Image","origine":"","liaisonPave":"","langue":"","id":"11445","urlVignette":"https:\/\/www.risoul.com\/medias\/images\/prestations\/v-risoul-hebergement-clerel-sejour2-11445.jpg","alt":"risoul-hebergement-clerel-sejour2-11445","title":"risoul-hebergement-clerel-sejour2-11445","MultiTaille":{"1920x1440":{"url":"https:\/\/www.risoul.com\/medias\/images\/prestations\/multitailles\/1920x1440_risoul-hebergement-clerel-sejour2-11445.jpg"},"1200x900":{"url":"https:\/\/www.risoul.com\/medias\/images\/prestations\/multitailles\/1200x900_risoul-hebergement-clerel-sejour2-11445.jpg"},"800x600":{"url":"https:\/\/www.risoul.com\/medias\/images\/prestations\/multitailles\/800x600_risoul-hebergement-clerel-sejour2-11445.jpg"},"640x480":{"url":"https:\/\/www.risoul.com\/medias\/images\/prestations\/multitailles\/640x480_risoul-hebergement-clerel-sejour2-11445.jpg"},"320x240":{"url":"https:\/\/www.risoul.com\/medias\/images\/prestations\/multitailles\/320x240_risoul-hebergement-clerel-sejour2-11445.jpg"},"160x120":{"url":"https:\/\/www.risoul.com\/medias\/images\/prestations\/multitailles\/160x120_risoul-hebergement-clerel-sejour2-11445.jpg"},"origine":{"url":"https:\/\/www.risoul.com\/medias\/images\/prestations\/risoul-hebergement-clerel-sejour2-11445.jpg"}},"urlLien":"","typeLien":"","nofollow":"N","copyright":""},{"url":"https:\/\/www.risoul.com\/medias\/images\/prestations\/risoul-hebergement-clerel-sejour-canape-deplie-15375.jpg","chemin":"..\/medias\/images\/prestations\/risoul-hebergement-clerel-sejour-canape-deplie-15375.jpg","libelle":"risoul-hebergement-clerel-sejour-canape-deplie-15375","extension":"jpg","categorie":"","largeur":800,"theme":"","hauteur":600,"type":"Image","origine":"","liaisonPave":"","langue":"","id":"15375","urlVignette":"https:\/\/www.risoul.com\/medias\/images\/prestations\/v-risoul-hebergement-clerel-sejour-canape-deplie-15375.jpg","alt":"risoul-hebergement-clerel-sejour-canape-deplie-15375","title":"risoul-hebergement-clerel-sejour-canape-deplie-15375","MultiTaille":{"1920x1440":{"url":"https:\/\/www.risoul.com\/medias\/images\/prestations\/multitailles\/1920x1440_risoul-hebergement-clerel-sejour-canape-deplie-15375.jpg"},"1200x900":{"url":"https:\/\/www.risoul.com\/medias\/images\/prestations\/multitailles\/1200x900_risoul-hebergement-clerel-sejour-canape-deplie-15375.jpg"},"800x600":{"url":"https:\/\/www.risoul.com\/medias\/images\/prestations\/multitailles\/800x600_risoul-hebergement-clerel-sejour-canape-deplie-15375.jpg"},"640x480":{"url":"https:\/\/www.risoul.com\/medias\/images\/prestations\/multitailles\/640x480_risoul-hebergement-clerel-sejour-canape-deplie-15375.jpg"},"320x240":{"url":"https:\/\/www.risoul.com\/medias\/images\/prestations\/multitailles\/320x240_risoul-hebergement-clerel-sejour-canape-deplie-15375.jpg"},"160x120":{"url":"https:\/\/www.risoul.com\/medias\/images\/prestations\/multitailles\/160x120_risoul-hebergement-clerel-sejour-canape-deplie-15375.jpg"},"origine":{"url":"https:\/\/www.risoul.com\/medias\/images\/prestations\/risoul-hebergement-clerel-sejour-canape-deplie-15375.jpg"}},"urlLien":"","typeLien":"","nofollow":"N","copyright":""},{"url":"https:\/\/www.risoul.com\/medias\/images\/prestations\/risoul-hebergement-clerel-chambre-11439.jpg","chemin":"..\/medias\/images\/prestations\/risoul-hebergement-clerel-chambre-11439.jpg","libelle":"risoul-hebergement-clerel-chambre-11439","extension":"jpg","categorie":"","largeur":500,"theme":"","hauteur":375,"type":"Image","origine":"","liaisonPave":"","langue":"","id":"11439","urlVignette":"https:\/\/www.risoul.com\/medias\/images\/prestations\/v-risoul-hebergement-clerel-chambre-11439.jpg","alt":"risoul-hebergement-clerel-chambre-11439","title":"risoul-hebergement-clerel-chambre-11439","MultiTaille":{"1920x1440":{"url":"https:\/\/www.risoul.com\/medias\/images\/prestations\/multitailles\/1920x1440_risoul-hebergement-clerel-chambre-11439.jpg"},"1200x900":{"url":"https:\/\/www.risoul.com\/medias\/images\/prestations\/multitailles\/1200x900_risoul-hebergement-clerel-chambre-11439.jpg"},"800x600":{"url":"https:\/\/www.risoul.com\/medias\/images\/prestations\/multitailles\/800x600_risoul-hebergement-clerel-chambre-11439.jpg"},"640x480":{"url":"https:\/\/www.risoul.com\/medias\/images\/prestations\/multitailles\/640x480_risoul-hebergement-clerel-chambre-11439.jpg"},"320x240":{"url":"https:\/\/www.risoul.com\/medias\/images\/prestations\/multitailles\/320x240_risoul-hebergement-clerel-chambre-11439.jpg"},"160x120":{"url":"https:\/\/www.risoul.com\/medias\/images\/prestations\/multitailles\/160x120_risoul-hebergement-clerel-chambre-11439.jpg"},"origine":{"url":"https:\/\/www.risoul.com\/medias\/images\/prestations\/risoul-hebergement-clerel-chambre-11439.jpg"}},"urlLien":"","typeLien":"","nofollow":"N","copyright":""},{"url":"https:\/\/www.risoul.com\/medias\/images\/prestations\/risoul-hebergement-clerel-lits-superposes-11441.jpg","chemin":"..\/medias\/images\/prestations\/risoul-hebergement-clerel-lits-superposes-11441.jpg","libelle":"risoul-hebergement-clerel-lits-superposes-11441","extension":"jpg","categorie":"","largeur":375,"theme":"","hauteur":500,"type":"Image","origine":"","liaisonPave":"","langue":"","id":"11441","urlVignette":"https:\/\/www.risoul.com\/medias\/images\/prestations\/v-risoul-hebergement-clerel-lits-superposes-11441.jpg","alt":"risoul-hebergement-clerel-lits-superposes-11441","title":"risoul-hebergement-clerel-lits-superposes-11441","MultiTaille":{"1920x1440":{"url":"https:\/\/www.risoul.com\/medias\/images\/prestations\/multitailles\/1920x1440_risoul-hebergement-clerel-lits-superposes-11441.jpg"},"1200x900":{"url":"https:\/\/www.risoul.com\/medias\/images\/prestations\/multitailles\/1200x900_risoul-hebergement-clerel-lits-superposes-11441.jpg"},"800x600":{"url":"https:\/\/www.risoul.com\/medias\/images\/prestations\/multitailles\/800x600_risoul-hebergement-clerel-lits-superposes-11441.jpg"},"640x480":{"url":"https:\/\/www.risoul.com\/medias\/images\/prestations\/multitailles\/640x480_risoul-hebergement-clerel-lits-superposes-11441.jpg"},"320x240":{"url":"https:\/\/www.risoul.com\/medias\/images\/prestations\/multitailles\/320x240_risoul-hebergement-clerel-lits-superposes-11441.jpg"},"160x120":{"url":"https:\/\/www.risoul.com\/medias\/images\/prestations\/multitailles\/160x120_risoul-hebergement-clerel-lits-superposes-11441.jpg"},"origine":{"url":"https:\/\/www.risoul.com\/medias\/images\/prestations\/risoul-hebergement-clerel-lits-superposes-11441.jpg"}},"urlLien":"","typeLien":"","nofollow":"N","copyright":""},{"url":"https:\/\/www.risoul.com\/medias\/images\/prestations\/risoul-hebergement-clerel-coin-cuisine-15373.jpg","chemin":"..\/medias\/images\/prestations\/risoul-hebergement-clerel-coin-cuisine-15373.jpg","libelle":"risoul-hebergement-clerel-coin-cuisine-15373","extension":"jpg","categorie":"","largeur":600,"theme":"","hauteur":800,"type":"Image","origine":"","liaisonPave":"","langue":"","id":"15373","urlVignette":"https:\/\/www.risoul.com\/medias\/images\/prestations\/v-risoul-hebergement-clerel-coin-cuisine-15373.jpg","alt":"risoul-hebergement-clerel-coin-cuisine-15373","title":"risoul-hebergement-clerel-coin-cuisine-15373","MultiTaille":{"1920x1440":{"url":"https:\/\/www.risoul.com\/medias\/images\/prestations\/multitailles\/1920x1440_risoul-hebergement-clerel-coin-cuisine-15373.jpg"},"1200x900":{"url":"https:\/\/www.risoul.com\/medias\/images\/prestations\/multitailles\/1200x900_risoul-hebergement-clerel-coin-cuisine-15373.jpg"},"800x600":{"url":"https:\/\/www.risoul.com\/medias\/images\/prestations\/multitailles\/800x600_risoul-hebergement-clerel-coin-cuisine-15373.jpg"},"640x480":{"url":"https:\/\/www.risoul.com\/medias\/images\/prestations\/multitailles\/640x480_risoul-hebergement-clerel-coin-cuisine-15373.jpg"},"320x240":{"url":"https:\/\/www.risoul.com\/medias\/images\/prestations\/multitailles\/320x240_risoul-hebergement-clerel-coin-cuisine-15373.jpg"},"160x120":{"url":"https:\/\/www.risoul.com\/medias\/images\/prestations\/multitailles\/160x120_risoul-hebergement-clerel-coin-cuisine-15373.jpg"},"origine":{"url":"https:\/\/www.risoul.com\/medias\/images\/prestations\/risoul-hebergement-clerel-coin-cuisine-15373.jpg"}},"urlLien":"","typeLien":"","nofollow":"N","copyright":""},{"url":"https:\/\/www.risoul.com\/medias\/images\/prestations\/risoul-hebergement-clerel-salle-de-bains-11443.jpg","chemin":"..\/medias\/images\/prestations\/risoul-hebergement-clerel-salle-de-bains-11443.jpg","libelle":"risoul-hebergement-clerel-salle-de-bains-11443","extension":"jpg","categorie":"","largeur":375,"theme":"","hauteur":500,"type":"Image","origine":"","liaisonPave":"","langue":"","id":"11443","urlVignette":"https:\/\/www.risoul.com\/medias\/images\/prestations\/v-risoul-hebergement-clerel-salle-de-bains-11443.jpg","alt":"risoul-hebergement-clerel-salle-de-bains-11443","title":"risoul-hebergement-clerel-salle-de-bains-11443","MultiTaille":{"1920x1440":{"url":"https:\/\/www.risoul.com\/medias\/images\/prestations\/multitailles\/1920x1440_risoul-hebergement-clerel-salle-de-bains-11443.jpg"},"1200x900":{"url":"https:\/\/www.risoul.com\/medias\/images\/prestations\/multitailles\/1200x900_risoul-hebergement-clerel-salle-de-bains-11443.jpg"},"800x600":{"url":"https:\/\/www.risoul.com\/medias\/images\/prestations\/multitailles\/800x600_risoul-hebergement-clerel-salle-de-bains-11443.jpg"},"640x480":{"url":"https:\/\/www.risoul.com\/medias\/images\/prestations\/multitailles\/640x480_risoul-hebergement-clerel-salle-de-bains-11443.jpg"},"320x240":{"url":"https:\/\/www.risoul.com\/medias\/images\/prestations\/multitailles\/320x240_risoul-hebergement-clerel-salle-de-bains-11443.jpg"},"160x120":{"url":"https:\/\/www.risoul.com\/medias\/images\/prestations\/multitailles\/160x120_risoul-hebergement-clerel-salle-de-bains-11443.jpg"},"origine":{"url":"https:\/\/www.risoul.com\/medias\/images\/prestations\/risoul-hebergement-clerel-salle-de-bains-11443.jpg"}},"urlLien":"","typeLien":"","nofollow":"N","copyright":""},{"url":"https:\/\/www.risoul.com\/medias\/images\/prestations\/risoul-hebergement-clerel-wc-11446.jpg","chemin":"..\/medias\/images\/prestations\/risoul-hebergement-clerel-wc-11446.jpg","libelle":"risoul-hebergement-clerel-wc-11446","extension":"jpg","categorie":"","largeur":375,"theme":"","hauteur":500,"type":"Image","origine":"","liaisonPave":"","langue":"","id":"11446","urlVignette":"https:\/\/www.risoul.com\/medias\/images\/prestations\/v-risoul-hebergement-clerel-wc-11446.jpg","alt":"risoul-hebergement-clerel-wc-11446","title":"risoul-hebergement-clerel-wc-11446","MultiTaille":{"1920x1440":{"url":"https:\/\/www.risoul.com\/medias\/images\/prestations\/multitailles\/1920x1440_risoul-hebergement-clerel-wc-11446.jpg"},"1200x900":{"url":"https:\/\/www.risoul.com\/medias\/images\/prestations\/multitailles\/1200x900_risoul-hebergement-clerel-wc-11446.jpg"},"800x600":{"url":"https:\/\/www.risoul.com\/medias\/images\/prestations\/multitailles\/800x600_risoul-hebergement-clerel-wc-11446.jpg"},"640x480":{"url":"https:\/\/www.risoul.com\/medias\/images\/prestations\/multitailles\/640x480_risoul-hebergement-clerel-wc-11446.jpg"},"320x240":{"url":"https:\/\/www.risoul.com\/medias\/images\/prestations\/multitailles\/320x240_risoul-hebergement-clerel-wc-11446.jpg"},"160x120":{"url":"https:\/\/www.risoul.com\/medias\/images\/prestations\/multitailles\/160x120_risoul-hebergement-clerel-wc-11446.jpg"},"origine":{"url":"https:\/\/www.risoul.com\/medias\/images\/prestations\/risoul-hebergement-clerel-wc-11446.jpg"}},"urlLien":"","typeLien":"","nofollow":"N","copyright":""},{"url":"https:\/\/www.risoul.com\/medias\/images\/prestations\/risoul-hebergement-clerel-balcon-11472.jpg","chemin":"..\/medias\/images\/prestations\/risoul-hebergement-clerel-balcon-11472.jpg","libelle":"risoul-hebergement-clerel-balcon-11472","extension":"jpg","categorie":"","largeur":375,"theme":"","hauteur":500,"type":"Image","origine":"","liaisonPave":"","langue":"","id":"11472","urlVignette":"https:\/\/www.risoul.com\/medias\/images\/prestations\/v-risoul-hebergement-clerel-balcon-11472.jpg","alt":"risoul-hebergement-clerel-balcon-11472","title":"risoul-hebergement-clerel-balcon-11472","MultiTaille":{"1920x1440":{"url":"https:\/\/www.risoul.com\/medias\/images\/prestations\/multitailles\/1920x1440_risoul-hebergement-clerel-balcon-11472.jpg"},"1200x900":{"url":"https:\/\/www.risoul.com\/medias\/images\/prestations\/multitailles\/1200x900_risoul-hebergement-clerel-balcon-11472.jpg"},"800x600":{"url":"https:\/\/www.risoul.com\/medias\/images\/prestations\/multitailles\/800x600_risoul-hebergement-clerel-balcon-11472.jpg"},"640x480":{"url":"https:\/\/www.risoul.com\/medias\/images\/prestations\/multitailles\/640x480_risoul-hebergement-clerel-balcon-11472.jpg"},"320x240":{"url":"https:\/\/www.risoul.com\/medias\/images\/prestations\/multitailles\/320x240_risoul-hebergement-clerel-balcon-11472.jpg"},"160x120":{"url":"https:\/\/www.risoul.com\/medias\/images\/prestations\/multitailles\/160x120_risoul-hebergement-clerel-balcon-11472.jpg"},"origine":{"url":"https:\/\/www.risoul.com\/medias\/images\/prestations\/risoul-hebergement-clerel-balcon-11472.jpg"}},"urlLien":"","typeLien":"","nofollow":"N","copyright":""},{"url":"https:\/\/www.risoul.com\/medias\/images\/prestations\/risoul-hebergement-clerel-balcon-11440.jpg","chemin":"..\/medias\/images\/prestations\/risoul-hebergement-clerel-balcon-11440.jpg","libelle":"risoul-hebergement-clerel-balcon-11440","extension":"jpg","categorie":"","largeur":500,"theme":"","hauteur":375,"type":"Image","origine":"","liaisonPave":"","langue":"","id":"11440","urlVignette":"https:\/\/www.risoul.com\/medias\/images\/prestations\/v-risoul-hebergement-clerel-balcon-11440.jpg","alt":"risoul-hebergement-clerel-balcon-11440","title":"risoul-hebergement-clerel-balcon-11440","MultiTaille":{"1920x1440":{"url":"https:\/\/www.risoul.com\/medias\/images\/prestations\/multitailles\/1920x1440_risoul-hebergement-clerel-balcon-11440.jpg"},"1200x900":{"url":"https:\/\/www.risoul.com\/medias\/images\/prestations\/multitailles\/1200x900_risoul-hebergement-clerel-balcon-11440.jpg"},"800x600":{"url":"https:\/\/www.risoul.com\/medias\/images\/prestations\/multitailles\/800x600_risoul-hebergement-clerel-balcon-11440.jpg"},"640x480":{"url":"https:\/\/www.risoul.com\/medias\/images\/prestations\/multitailles\/640x480_risoul-hebergement-clerel-balcon-11440.jpg"},"320x240":{"url":"https:\/\/www.risoul.com\/medias\/images\/prestations\/multitailles\/320x240_risoul-hebergement-clerel-balcon-11440.jpg"},"160x120":{"url":"https:\/\/www.risoul.com\/medias\/images\/prestations\/multitailles\/160x120_risoul-hebergement-clerel-balcon-11440.jpg"},"origine":{"url":"https:\/\/www.risoul.com\/medias\/images\/prestations\/risoul-hebergement-clerel-balcon-11440.jpg"}},"urlLien":"","typeLien":"","nofollow":"N","copyright":""}]}},"DateDebPublication":"","DateFinPublication":"","PrixAPartirDe":"","PrixPour":"","FicheListeEnCours":"fiche_liste_immobilier_agen_loueur_resid_prestation_RESA_v3","ParametresModele":{"AfficherPhotos":"1","NbPhotosMax":6,"AfficherReserver":"1","AfficherContact":"1","AfficherSalle":1,"AfficherZoneGeo":0,"AfficherEnSavoirPlus":"0","AfficherUneSeuleOuverture":0,"AfficherContactCarte":"0","AfficherTarifsChaudAPartirDe":0,"AfficherTarifChaudSansRecherche":0,"AfficherDispoAccordeon":"1","AfficherDispoResa":"1","BlocCritereInfo":{"critere1":{"libelle":"","liste_critere":["GCLASS|G"]},"critere2":{"libelle":"","liste_critere":["GDISCE|PIEPIS|G","GDISCE|SKIPIE|G","GDISCE|CENTRESTATION|G","GDISCE|G1ISAL|G","GDISCE|KMPIST|G","GDISCE|MFRONTDENEIGE|G"]},"critere3":{"libelle":""},"critere4":{"libelle":"","liste_critere":["GTYPAP|G","GSUPER|G"]},"critere5":{"libelle":"","liste_critere":["EQUIPEMENTS|PISCINE|G","EQUIPEMENTS|EXPOSITIONSUD|G","EQUIPEMENTS|ANIMAUX|G","EQUIPEMENTS|LAVEVAISSELLE|G","EQUIPEMENTS|LINGE|G","EQUIPEMENTS|WIFI|G","EQUIPEMENTS|NONFUMEUR|G","EQUIPEMENTS|PARKING|G","EQUIPEMENTS|POELECHEMINE|G","EQUIPEMENTS|BBQ|G"]},"critere6":{"libelle":"","liste_critere":["GTYPRE|G","GTYPAP|G","GSUPER|G","ZONEGEO|G"]},"critere7":{"libelle":""},"critere8":{"libelle":""},"critere9":{"libelle":""},"afficherpictoetpaslibelle":"1"},"BlocPaveInfo":{"texte1":{"pave":["2"],"longeurmax":"200","afficherLibelle":"0","garderHtml":"0"},"texte3":{"longeurmax":"","afficherLibelle":"0","garderHtml":"0"}},"Criteres":"GRESA[GRESAW","CriteresComportementResa":"RESADISPO[RESERVATION","PositionBloc":"GALLERIE|PICTOSOUSPHOTOS|NOM|AVIS|ZONEPRINCIPALFICHEPRESTA|CRITERESORDONNEES|CARNET_VOYAGE|DISPO|LIEN_RESERVER_DETAIL","TypePrestataire":"G","TypeSlider":"SWIPER","ComportementResa":true,"ComportementDispo":false},"AffichageCoordonnees":[],"Coordonnees":{"Ville":"RISOUL"},"ContexteId":"PRESTATION|G|CLEREL|ALDE208","ContexteIdHtml":"PRESTATION-G-CLEREL-ALDE208","cleContexte":"G|CLEREL|ALDE208","Bloc":{"texte1":"","texte3":"","critere1":{"libelle":"","contenu":[]},"critere2":{"libelle":"","contenu":{"GDISCE":{"libelle":"Distances","contenu":{"2":"ski in ski out"},"codesValeurs":{"2":"GDISCE|SKIPIE|G"},"criteres_datas":{"valeurs":{"2":{"SKIPIE":{"descriptif":""}}}}}}},"critere3":{"libelle":"","contenu":[]},"critere4":{"libelle":"","contenu":{"GTYPAP":{"libelle":"Type of accommodation","contenu":{"9":"2 rooms"},"codesValeurs":{"9":"GTYPAP|G2PIEC|G"},"criteres_datas":{"valeurs":{"9":{"G2PIEC":{"descriptif":""}}}}},"GSUPER":{"libelle":"Surface","contenu":{"1":"\u003Cspan class=\"quantite\"\u003E26\u003C\/span\u003E \u003Cspan class=\"libelle\"\u003ETotal surface (sq.m.) :\u003C\/span\u003E"},"codesValeurs":{"1":"GSUPER|GSUPTO|G"},"criteres_datas":{"valeurs":{"1":{"GSUPTO":{"descriptif":""}}}}}}},"critere5":{"libelle":"","contenu":{"EQUIPEMENTS":{"libelle":"Equipment \/ Services","contenu":{"5":"\u003Cimg src=\"https:\/\/www.risoul.com\/medias\/images\/picto\/EQUIPEMENTS-LAVEVAISSELLE-G.png\"  alt=\"Dishwasher\" title=\"Dishwasher\" \/\u003E"},"codesValeurs":{"5":"EQUIPEMENTS|LAVEVAISSELLE|G"},"criteres_datas":{"valeurs":{"5":{"LAVEVAISSELLE":{"descriptif":""}}}}}}},"critere6":{"libelle":"","contenu":{"GTYPRE":{"libelle":"Type of accommodation","contenu":{"1":"Apartment in Apartment Block"},"codesValeurs":{"1":"GTYPRE|GAPPTR|G"},"criteres_datas":{"valeurs":{"1":{"GAPPTR":{"descriptif":""}}}}},"GTYPAP":{"libelle":"Type of accommodation","contenu":{"9":"2 rooms"},"codesValeurs":{"9":"GTYPAP|G2PIEC|G"},"criteres_datas":{"valeurs":{"9":{"G2PIEC":{"descriptif":""}}}}},"GSUPER":{"libelle":"Surface","contenu":{"1":"\u003Cspan class=\"quantite\"\u003E26\u003C\/span\u003E \u003Cspan class=\"libelle\"\u003ETotal surface (sq.m.) :\u003C\/span\u003E"},"codesValeurs":{"1":"GSUPER|GSUPTO|G"},"criteres_datas":{"valeurs":{"1":{"GSUPTO":{"descriptif":""}}}}},"ZONEGEO":{"libelle":"Location","contenu":{"1":"Risoul resort"},"codesValeurs":{"1":"ZONEGEO|FRPAHARISTATT|G"},"criteres_datas":{"valeurs":{"1":{"FRPAHARISTATT":{"descriptif":""}}}}}}},"critere7":{"libelle":"","contenu":[]},"critere8":{"libelle":"","contenu":[]},"critere9":{"libelle":"","contenu":[]}},"LocalisationGps":{"Latitude":"44.62168","Longitude":"6.63029"},"libelleDuPrestataire":"","vuePrestataire":{"pave1":{"libelle":"Descriptif","contenu":""},"pave2":{"libelle":"Notes Internes","contenu":""},"pave3":{"libelle":"Remise des cl\u00e9s","contenu":"\u003Cp data-end=\"158\" data-start=\"33\"\u003E\u003Cstrong data-end=\"52\" data-start=\"33\"\u003EKey collection:\u003C\/strong\u003E CONSTEL IMMO Agency.\u003Cbr data-end=\"76\" data-start=\"73\" \/\u003E\r\nBETELGEUSE Building.\u003Cbr data-end=\"99\" data-start=\"96\" \/\u003E\r\n05600 RISOUL\u003Cbr data-end=\"114\" data-start=\"111\" \/\u003E\r\nTel: +33 4 92 48 57 55 \/ +33 6 32 24 81 55\u003C\/p\u003E\r\n\r\n\u003Cp data-end=\"305\" data-start=\"160\"\u003EThe apartment rental is granted for a stay beginning on the first day (Saturday) at 4:00 p.m. and ending on the last day (Saturday) at 10:00 a.m.\u003C\/p\u003E\r\n\r\n\u003Cp data-end=\"479\" data-start=\"307\"\u003EUpon arrival, key collection takes place:\u003Cbr data-end=\"351\" data-start=\"348\" \/\u003E\r\nfrom 4:00 p.m. to 8:00 p.m. on Saturday.\u003Cbr data-end=\"394\" data-start=\"391\" \/\u003E\r\nFor arrivals on days other than Saturday, please contact the owner and\/or the agency.\u003C\/p\u003E\r\n\r\n\u003Cp data-end=\"639\" data-start=\"481\"\u003EPlease note that an apartment security deposit and a cleaning deposit will be required upon arrival. The deposits must be paid by check, cash, or credit card.\u003C\/p\u003E\r\n\u003Cspan background-color:=\"\" font-size:=\"\" style=\"color: rgb(51, 51, 51); font-family: sans-serif, Arial, Verdana, \" trebuchet=\"\"\u003E.\u003C\/span\u003E"},"pave4":{"libelle":"Lien photo","contenu":""},"pave5":{"libelle":"Descriptif d\u00e9taill\u00e9","contenu":""},"pave6":{"libelle":"Bons plans","contenu":""},"pave7":{"libelle":"Compl\u00e9ment localisation","contenu":""},"pave8":{"libelle":"Compl\u00e9ment accueil","contenu":""},"pave9":{"libelle":"P\u00e9riode(s) d'ouverture","contenu":""},"pave10":{"libelle":"Tarifs en clair","contenu":""},"pave11":{"libelle":"Compl\u00e9ment Tarifs","contenu":""},"pave12":{"libelle":"Compl\u00e9ment R\u00e9servation","contenu":""},"pave13":{"libelle":"Descriptif court","contenu":""},"pave14":{"libelle":"Descriptif court","contenu":""},"pave15":{"libelle":"Descriptif d\u00e9taill\u00e9","contenu":""},"pave16":{"libelle":"Descriptif d\u00e9taill\u00e9","contenu":""},"pave17":{"libelle":"Compl\u00e9ment localisation","contenu":""},"pave18":{"libelle":"Compl\u00e9ment localisation","contenu":""},"pave19":{"libelle":"P\u00e9riode(s) d'ouverture","contenu":""},"pave20":{"libelle":"P\u00e9riode(s) d'ouverture","contenu":""},"pave21":{"libelle":"Tarifs en clair","contenu":""},"pave22":{"libelle":"Tarifs en clair","contenu":""},"pave23":{"libelle":"Compl\u00e9ment Tarifs","contenu":""},"pave24":{"libelle":"Compl\u00e9ment Tarifs","contenu":""},"pave25":{"libelle":"","contenu":""},"Libelle":"M CLEREL Jean Michel","Nom":"CLEREL","Prenom":"Jean Michel","NomPrenom":"CLEREL Jean Michel ","CiviliteNomPrenom":"M CLEREL Jean Michel ","Cle":"G|CLEREL","PrestataireParent":"","ContexteStat":"PRESTATAIRE-G-CLEREL","DateModificationIso":"2026-04-29T11:57:00+02:00","CiviliteLibelleNomPrenom":"Monsieur CLEREL Jean Michel ","Type":"PRESTATAIRE","TypePrestataire":"G","Adresse":{"LigneAdresse1":"253, Chemin Franca","LigneAdresse2":"","LigneAdresse3":"","CodePostal":"83190","Ville":"OLLIOULES","Cedex":"","Etat":"","Pays":"FRA"},"Email":"lorelei.danzelle@gmail.com","Telephone":"04 94  31 33 34","TelephoneBureau":"06 07 44 01 32 (mr clerel)","Portable":"06 11 55 54 55","SiteWeb":"http:\/\/lai.marie-france@orange.fr","Fax":"","Id":"g-clerel","Code":"G|CLEREL","Fichier":[],"Url":"private-owners-clerel-jean-michel.html","Localisation":{"GoogleMap":{"Latitude":"","Longitude":""},"PlanStation":{"idPlan":"2","nomPlan":"Plan Station 2015","carte":"\/plan\/plan_station_2015.jpg","PositionAbs":"697","PositionOrd":"211"}},"ZoneGeo":"","Criteres":{"ITYPE[IPARTI":"","ADHERENT[OUI":"","GRESAAGENCE[RISOULRESA":"","GRESAAGENCE[GOUI":"","ORDRE[1POS":""},"DateFinPublication":"","AffichageCoordonnees":[]},"listeCriteres":{"GRESA":{"GRESAW":""},"RESAWEB":{"OUI":"","OUIMANUEL":""},"GTYPRE":{"GAPPTR":""},"GTYPAP":{"G2PIEC":""},"ENREGISTRMENT":{"NUMERENREGISTREMENT":"05119 000 366 HS"},"GSUPER":{"GSUPTO":"26"},"GRESID":{"ALDEBARAN":""},"ETAGE":{"2ETAGE":""},"GASCEN":{"GASCEN":""},"GBALCO":{"GBALCO":""},"GEXPOS":{"GEST":""},"ZONEGEO":{"FRPAHARISTATT":""},"GDISCE":{"SKIPIE":"","DISTCENTRESTATION":"350","GESF":"150","GSHOP":"10","CRECHEDISTANCE":"350","PROGAR":"200","G4ISAH":"400"},"GCUISI":{"GCOINC":""},"GEQUCU":{"GQRIGA":"","PLAQINDUC":"4","GEQCOM":"","GQAVEV":"","GRILLEPAIN":"","CAFECAPSULES":"Nespresso ","FREEZER":"","MIXEURBLENDER":"","HOTTE":""},"GSEJOU":{"VOULETELEC":"","CLICCLAC1P":"120 x 180"},"COINMF":{"X2LITS":"80x200"},"GCHAM1":{"GC1122":"140x190"},"GSDB1":{"G1BWCI":"1"},"GWC":{"GWCIND":"1"},"GEQSAN":{"LAVELINGESECHANT":"","SECHECHEVEUX":""},"GEQLOI":{"TVPLAT":"","DVDUSB":"","DVD":"","ASPIRATEUR":"","G2QLCS":""},"GNOTE1":{"DRAPNF":"","PRODEN":"","RACLETTE":"","APPREILA":"croque monsieur \/ gaufre","JEUX":"","NOFUMEUR":""},"GANIMA":{"GANIMR":""},"GMENA":{"GMENEF":"","GMENSU":""},"GCAUT":{"GCAUT":"600\u20ac","CAUTIM":"60\u20ac"},"PRIXTC":{"FEVENFANT":""},"VAC":{"WVAC":"","WLOCVAC":""},"RESERVATION":{"TICKETLIGE":"","GOODIES":"","REMISERM":"","PARKING":""},"GPIECES":{"2PIECES":""},"EQUIPEMENTS":{"LAVEVAISSELLE":""},"RESADISPO":{"RESERVATION":""},"DISTANCEPISTES":{"SKIAUXPIEDS":"","MOINSDE100":""},"EQUIEMENTSPLUS":{"RADIATIEURS":"de 2016","VERRESVIN":"","FLUTES":""},"LITERIE":{"COUETTE":"","COUVERTURES":"","MATELAS":"Moins de 5 ans"},"GORDRE":{"4POS":""},"ITYPE":{"IPARTI":""},"ADHERENT":{"OUI":""},"GRESAAGENCE":{"RISOULRESA":"","GOUI":""},"ORDRE":{"1POS":""}},"dansCarnetVoyage":true,"Ouverture":"","WidgetDispoRechercheDate":false,"WidgetDispoVoirLienVoirToutesDispos":true,"ChargerWidgetDispoAuClic":true,"WidgetDispo":"\u003Cspan\u003E\u003C\/span\u003E","JsOnClickBtnDispo":"\u003Cscript\u003E\n                try{\n                    WidgetDispos.addChargementAuClicBtnDispoAccordeon('PRESTATION-G-CLEREL-ALDE208',{tabParamsWidgetDispo : {\"id\":\"G|CLEREL|ALDE208\",\"origineListeInfo\":\"\",\"vue\":\"semaineLigne\",\"mode\":\"ajax\",\"url_fiche\":\"5-persons-apartment-aldebaran-208-risoul-reservation.html\",\"modeResa\":true,\"cid\":\"4\",\"rechercheResaEnCours\":false,\"version\":\"2\",\"parametersWidgetV2\":{\"el\":\"blocDispo-PRESTATION-G-CLEREL-ALDE208\",\"object\":{\"code\":\"G|CLEREL|ALDE208\"},\"cid\":\"4\",\"site\":{\"code\":\"SITE\",\"url\":\"https:\\\/\\\/en.risoul.com\"},\"slider\":{\"controls\":{\"arrows\":{\"enable\":true,\"showLocked\":true,\"style\":\"button\"}}},\"booking\":{\"enable\":true,\"waitForWindowLoad\":false,\"parameters\":{\"idWidget\":\"blocResa-PRESTATION-G-CLEREL-ALDE208\",\"queryParams\":{\"action\":\"add\",\"fiche\":\"G|CLEREL|ALDE208\"},\"withoutForm\":true}},\"options\":{\"typeDate\":\"SS\",\"elReferer\":\"PRESTATION-G-CLEREL-ALDE208\",\"ingContext\":\"RESA\",\"urlFiche\":\"5-persons-apartment-aldebaran-208-risoul-reservation.html\",\"startDate\":null,\"templates\":{\"Week\":\"semaine\",\"Days\":\"mois\"}}}},idBloc : \"blocDispo-PRESTATION-G-CLEREL-ALDE208\",prestation : \"G|CLEREL|ALDE208\"});\n                }\n                catch(e) {\n                    \/\/console.log(e);\n                }\u003C\/script\u003E"},"html":" \n \u003Cdiv id=\"CV-PRESTATION-G-CLEREL-ALDE208\" data-contexte-id=\"PRESTATION|G|CLEREL|ALDE208\" data-cle=\"G|CLEREL|ALDE208\" class=\"fiche-liste\"\u003E\n    \n\n    \u003C!-- partie photo --\u003E\n    \u003Cdiv class=\"photo\"\u003E\t\t\t\t\t\t\t\t\t\t\t\t\t\t\t\t\t\t\t\t\t\n        \u003Cdiv class=\"cadre_photo_principale\"\u003E\t\t\n        \n            \t\t\t\t\t\n                    \u003Ca href=\"5-persons-apartment-aldebaran-208-risoul-reservation.html?origine=carnet#media\"\u003E\n                        \u003Cimg class=\"photo_principale\" alt=\"risoul-hebergement-clerel-sejour-15374\" src=\"https:\/\/www.risoul.com\/medias\/images\/prestations\/multitailles\/320x240_risoul-hebergement-clerel-sejour-15374.jpg\" itemprop=\"image\"\u003E\n                    \u003C\/a\u003E\t\t\t\t\t\t\n                \n                    \u003C\/div\u003E\t\t\t\t\t\t\t\t\t\t\t\t\t\t\t\t\t\t\t \t\t\n    \u003C\/div\u003E\n    \n    \u003C!-- partie nom prest --\u003E\n    \u003Cdiv class=\"nom\"\u003E\n        \u003Ch2\u003E5 persons apartment Ald\u00e9baran 208\u003C\/h2\u003E\n        \n            \u003C\/div\u003E\n\n         \n    \u003C!-- partie adresse --\u003E\n    \u003Cdiv class=\"adresse\"\u003E\n    \n          \n    \u003C\/div\u003E\n    \n    \u003C!-- partie liens --\u003E\n    \u003Cdiv class=\"liens\"\u003E\n            \u003Ca class=\"btn-icon btn-view \" title=\"Read more \" href=\"5-persons-apartment-aldebaran-208-risoul-reservation.html?origine=carnet\"\u003E\u003C\/a\u003E\u003C!--\u003Ca class=\"btn-icon btn-view \" title=\"\" href=\"?origine=carnet#thaut\"\u003E\u003C\/a\u003E--\u003E\n      \u003Ca class=\"btn-icon btn-trash carnet_voyage_supprimer\" title=\"Remove to travel notes \" href=\"carnet-voyage?action=remove&fiche=G|CLEREL|ALDE208\"\u003E\u003C\/a\u003E\n    \u003C\/div\u003E\n\n\u003C\/div\u003E\n\n","icon":"https:\/\/static.ingenie.fr\/images\/carnetVoyageV3\/G.png"},"fiche":"G|CLEREL|ALDE208","popup":"\u003Cdiv id=\"bloc_popup_ajout_fiche_carnet\"\u003E\n    \u003Cdiv class=\"info_popup_ajout_fiche_carnet\"\u003E\n        You just added this item to your Favorites    \u003C\/div\u003E\n    \u003Cdiv class=\"prest_popup_ajout_fiche_carnet\"\u003E\n        5 persons apartment Ald&eacute;baran 208    \u003C\/div\u003E\n    \u003Cdiv class=\"bloc_btn_ajout_fiche_carnet form_submit_div\"\u003E\n        \u003Cinput type=\"button\" value=\"Continue with my Favorites selection\" title=\"Continue with my Favorites selection\" name=\"btn_close\" class=\"btn_close_popup_carnet form_submit\" onclick=\"$.colorbox.close()\" \/\u003E\n        \u003Cinput type=\"button\" value=\"See my Favorites\" title=\"See my Favorites\" name=\"btn_panier\" class=\"btn_panier_popup_carnet form_submit\" onclick=\"if(typeof CarnetVoyage != 'undefined') {CarnetVoyage.voirCarnet();}\" \/\u003E\n    \u003C\/div\u003E\n    \u003Cdiv class=\"bloc_btn_ajout_fiche_carnet\"\u003E\n        \u003Cinput type=\"checkbox\" value=\"1\" name=\"desactiver_popup\" id=\"desactiver_popup\" \/\u003E\n        \u003Clabel for=\"desactiver_popup\"\u003EDo not show this message again\u003C\/label\u003E\n    \u003C\/div\u003E\n\u003C\/div\u003E","success":1}